{"id":79,"date":"2020-02-11T17:01:04","date_gmt":"2020-02-12T01:01:04","guid":{"rendered":"https:\/\/pglg.law\/?page_id=79"},"modified":"2026-04-28T11:46:16","modified_gmt":"2026-04-28T18:46:16","slug":"our-team","status":"publish","type":"page","link":"https:\/\/pglg.law\/es\/our-team\/","title":{"rendered":"Nuestro Equipo"},"content":{"rendered":"<style>.kb-image79_5a5a9d-ae .kb-image-has-overlay:after{opacity:0.3;border-top-left-radius:5px;border-top-right-radius:5px;border-bottom-right-radius:5px;border-bottom-left-radius:5px;}.kb-image79_5a5a9d-ae img.kb-img, .kb-image79_5a5a9d-ae .kb-img img{border-top-left-radius:5px;border-top-right-radius:5px;border-bottom-right-radius:5px;border-bottom-left-radius:5px;box-shadow:3px 3px 3px 3px rgba(0, 0, 0, 0.2);}<\/style>\n<div class=\"wp-block-kadence-image kb-image79_5a5a9d-ae\"><figure class=\"aligncenter size-large\"><img loading=\"lazy\" decoding=\"async\" width=\"1024\" height=\"683\" src=\"https:\/\/pglg.law\/wp-content\/uploads\/2025\/05\/IMG_7352-1024x683.jpg\" alt=\"Our Team\" class=\"kb-img wp-image-1280\" srcset=\"https:\/\/pglg.law\/wp-content\/uploads\/2025\/05\/IMG_7352-1024x683.jpg 1024w, https:\/\/pglg.law\/wp-content\/uploads\/2025\/05\/IMG_7352-300x200.jpg 300w, https:\/\/pglg.law\/wp-content\/uploads\/2025\/05\/IMG_7352-768x512.jpg 768w, https:\/\/pglg.law\/wp-content\/uploads\/2025\/05\/IMG_7352-1536x1024.jpg 1536w, https:\/\/pglg.law\/wp-content\/uploads\/2025\/05\/IMG_7352-2048x1365.jpg 2048w, https:\/\/pglg.law\/wp-content\/uploads\/2025\/05\/IMG_7352-18x12.jpg 18w, https:\/\/pglg.law\/wp-content\/uploads\/2025\/05\/IMG_7352-825x550.jpg 825w, https:\/\/pglg.law\/wp-content\/uploads\/2025\/05\/IMG_7352-1500x1000.jpg 1500w, https:\/\/pglg.law\/wp-content\/uploads\/2025\/05\/IMG_7352-600x400.jpg 600w, https:\/\/pglg.law\/wp-content\/uploads\/2025\/05\/IMG_7352-400x267.jpg 400w\" sizes=\"auto, (max-width: 1024px) 100vw, 1024px\" \/><figcaption>Nuestro Equipo<\/figcaption><\/figure><\/div>\n\n\n\n<h2 class=\"wp-block-heading has-text-align-center\">Nuestros Abogados<\/h2>\n\n\n\n<div class=\"wp-block-columns is-layout-flex wp-container-core-columns-is-layout-8f761849 wp-block-columns-is-layout-flex\">\n<div class=\"wp-block-column is-layout-flow wp-block-column-is-layout-flow\">\n<div class=\"wp-block-media-text alignwide is-stacked-on-mobile is-vertically-aligned-top coblocks-animate\" style=\"grid-template-columns:27% auto\" data-coblocks-animation=\"fadeIn\"><figure class=\"wp-block-media-text__media\"><img loading=\"lazy\" decoding=\"async\" width=\"683\" height=\"1024\" src=\"https:\/\/pglg.law\/wp-content\/uploads\/2023\/03\/230218-PGLG-West-Covina-01-Annaluisa-Padilla-002_White-Web-683x1024.jpg\" alt=\"\" class=\"wp-image-1144 size-full\" srcset=\"https:\/\/pglg.law\/wp-content\/uploads\/2023\/03\/230218-PGLG-West-Covina-01-Annaluisa-Padilla-002_White-Web-683x1024.jpg 683w, https:\/\/pglg.law\/wp-content\/uploads\/2023\/03\/230218-PGLG-West-Covina-01-Annaluisa-Padilla-002_White-Web-200x300.jpg 200w, https:\/\/pglg.law\/wp-content\/uploads\/2023\/03\/230218-PGLG-West-Covina-01-Annaluisa-Padilla-002_White-Web-768x1152.jpg 768w, https:\/\/pglg.law\/wp-content\/uploads\/2023\/03\/230218-PGLG-West-Covina-01-Annaluisa-Padilla-002_White-Web-8x12.jpg 8w, https:\/\/pglg.law\/wp-content\/uploads\/2023\/03\/230218-PGLG-West-Covina-01-Annaluisa-Padilla-002_White-Web-413x620.jpg 413w, https:\/\/pglg.law\/wp-content\/uploads\/2023\/03\/230218-PGLG-West-Covina-01-Annaluisa-Padilla-002_White-Web-667x1000.jpg 667w, https:\/\/pglg.law\/wp-content\/uploads\/2023\/03\/230218-PGLG-West-Covina-01-Annaluisa-Padilla-002_White-Web-433x650.jpg 433w, https:\/\/pglg.law\/wp-content\/uploads\/2023\/03\/230218-PGLG-West-Covina-01-Annaluisa-Padilla-002_White-Web-300x450.jpg 300w, https:\/\/pglg.law\/wp-content\/uploads\/2023\/03\/230218-PGLG-West-Covina-01-Annaluisa-Padilla-002_White-Web.jpg 800w\" sizes=\"auto, (max-width: 683px) 100vw, 683px\" \/><\/figure><div class=\"wp-block-media-text__content\">\n<h3 class=\"wp-block-heading\">Annaluisa Padilla, Esq. - Fundadora y Abogada Principal<\/h3>\n\n\n\n<p class=\"wp-block-paragraph\">La Sra. Padilla naci\u00f3 en Guatemala. Ella emigr\u00f3 a los Estados Unidos en 1983. Obtuvo su licenciatura en la Universidad de California, Los \u00c1ngeles (UCLA) y su t\u00edtulo de abogada de la Facultad de Derecho de Whittier. La Sra. Padilla es la abogada fundadora y directora ejecutiva de Padilla Global Law Group, anteriormente conocido como Law Office of Annaluisa Padilla. Se desempe\u00f1\u00f3 como Presidenta de la Asociaci\u00f3n Estadounidense de Abogados de Inmigraci\u00f3n (AILA) de 2017 a 2018 y contin\u00faa formando parte de la Junta de Gobernadores. Tambi\u00e9n se ha desempe\u00f1ado en diversas capacidades con la Asociaci\u00f3n de Abogados del Condado de Los \u00c1ngeles (LACBA), incluyendo cargos como ex vicepresidenta asistente de la Junta Directiva y presidenta de la Secci\u00f3n de Inmigraci\u00f3n. Como abogada de divorcios, tambi\u00e9n es miembro de la secci\u00f3n de derecho de familia de LACBA y de la American Bar Association (ABA).<\/p>\n\n\n\n<p class=\"wp-block-paragraph\">Ms. Padilla has over 24 years\u2019 experience in family law and immigration law, representing individuals and corporations at all stages of their legal matters including litigation and appeals.&nbsp; She is a firm believer in giving back to the community and has volunteered with the Central American Resource Center (CARECEN), LACBA\u2019s Domestic Violence Project, and has served as mentor for the United Nations High Commission on Refugees (UNHCR) and Kids In Need of Defense (KIND).<\/p>\n<\/div><\/div>\n\n\n\n<div class=\"wp-block-media-text alignwide is-stacked-on-mobile is-vertically-aligned-top\" style=\"grid-template-columns:27% auto\"><figure class=\"wp-block-media-text__media\"><img loading=\"lazy\" decoding=\"async\" width=\"683\" height=\"1024\" src=\"https:\/\/pglg.law\/wp-content\/uploads\/2023\/04\/230218-PGLG-West-Covina-09-Group-Photos-014-683x1024.png\" alt=\"\" class=\"wp-image-1241 size-full\" srcset=\"https:\/\/pglg.law\/wp-content\/uploads\/2023\/04\/230218-PGLG-West-Covina-09-Group-Photos-014-683x1024.png 683w, https:\/\/pglg.law\/wp-content\/uploads\/2023\/04\/230218-PGLG-West-Covina-09-Group-Photos-014-200x300.png 200w, https:\/\/pglg.law\/wp-content\/uploads\/2023\/04\/230218-PGLG-West-Covina-09-Group-Photos-014-768x1152.png 768w, https:\/\/pglg.law\/wp-content\/uploads\/2023\/04\/230218-PGLG-West-Covina-09-Group-Photos-014-8x12.png 8w, https:\/\/pglg.law\/wp-content\/uploads\/2023\/04\/230218-PGLG-West-Covina-09-Group-Photos-014-413x620.png 413w, https:\/\/pglg.law\/wp-content\/uploads\/2023\/04\/230218-PGLG-West-Covina-09-Group-Photos-014-667x1000.png 667w, https:\/\/pglg.law\/wp-content\/uploads\/2023\/04\/230218-PGLG-West-Covina-09-Group-Photos-014-433x650.png 433w, https:\/\/pglg.law\/wp-content\/uploads\/2023\/04\/230218-PGLG-West-Covina-09-Group-Photos-014-300x450.png 300w, https:\/\/pglg.law\/wp-content\/uploads\/2023\/04\/230218-PGLG-West-Covina-09-Group-Photos-014.png 800w\" sizes=\"auto, (max-width: 683px) 100vw, 683px\" \/><\/figure><div class=\"wp-block-media-text__content\">\n<p class=\"wp-block-paragraph\">Ms. Padilla is also a frequent legal commentator on CNN International, CCTV, MSNBC, Univision and Telemundo.&nbsp; She has given numerous presentations on issues covering immigration benefits, know your rights, and the interplay between family law and immigration law. Outside of work, Ms. Padilla and her husband are wine enthusiasts, foodies and doting parents to two Queensland Heelers (Lucy a deaf red heeler, and Zoe a blue heeler). Having lived the immigrant experience, Ms. Padilla is eternally grateful to the courage and fortitude of her parents in leaving a life behind and immigrating to the United States to provide better future for their children. She owes her accomplishments and success to the continued support of her parents and brother.<\/p>\n\n\n\n<p class=\"wp-block-paragraph\">Al fundar Padilla Global Law Group, la Sra. Padilla espera reunir un equipo dedicado para ayudar a las personas y empresas con sus asuntos legales de inmigraci\u00f3n y derecho de familia. La misi\u00f3n de la Firma es enfocarse en las necesidades y metas de nuestros Clientes para desarrollar una estrategia de defensa entusiasta para traer un resultado favorable a su caso.<\/p>\n\n\n\n<p class=\"wp-block-paragraph\">Admisi\u00f3n al Colegio de Abogados y Educaci\u00f3n<\/p>\n\n\n\n<ul class=\"wp-block-list\">\n<li>United States Supreme Court, 2006<\/li>\n\n\n\n<li>United States Court of Appeals, Ninth Circuit, 2002<\/li>\n\n\n\n<li>United States District Court, Central District, 1997<\/li>\n\n\n\n<li>State Bar of California, 1997 (<a href=\"http:\/\/members.calbar.ca.gov\/fal\/Member\/Detail\/193018\" target=\"_blank\" rel=\"noreferrer noopener\">Verificar admisi\u00f3n<\/a>)<\/li>\n\n\n\n<li>Whittier Law School, J.D. 1997<\/li>\n\n\n\n<li>University of California, Los Angeles, B.A. 1989<\/li>\n<\/ul>\n<\/div><\/div>\n\n\n\n<hr class=\"wp-block-separator has-css-opacity\"\/>\n\n\n\n<div class=\"wp-block-media-text alignwide has-media-on-the-right is-stacked-on-mobile is-vertically-aligned-top coblocks-animate\" style=\"grid-template-columns:auto 28%\" data-coblocks-animation=\"fadeIn\"><div class=\"wp-block-media-text__content\">\n<h3 class=\"wp-block-heading\">Claris Deronian - Esq. - Abogada Asociada<\/h3>\n\n\n\n<p class=\"wp-block-paragraph\">Claris es un inmigrante armenia nacida en Ir\u00e1n. Ha estudiado en las universidades de Teher\u00e1n, Ir\u00e1n y Colonia, Alemania. Despu\u00e9s de emigrar a los Estados Unidos, obtuvo su maestr\u00eda de la Universidad Estatal de California en Los \u00c1ngeles y su t\u00edtulo de abogada de la Facultad de Derecho de la Universidad de Glendale (2017).<\/p>\n\n\n\n<p class=\"wp-block-paragraph\">Antes de unirse a Padilla Global Law Group, Claris trabaj\u00f3 con organizaciones sin fines de lucro que abogaban por los derechos de los ni\u00f1os que emigran a los Estados Unidos y representaban y ayudaban a las familias que buscan tutelas limitadas.<\/p>\n\n\n\n<p class=\"wp-block-paragraph\">Claris es miembro del Colegio de Abogados de California y de la secci\u00f3n de leyes de inmigraci\u00f3n del Colegio de Abogados del Condado de Los \u00c1ngeles (LACBA). Habla con fluidez armenio, farsi \/ dari, alem\u00e1n y ha estado aprendiendo espa\u00f1ol para poder comunicarse mejor con la comunidad de habla hispana.<\/p>\n\n\n\n<p class=\"wp-block-paragraph\">Fuera del trabajo, ella es esposa y madre. A Claris le gusta viajar, cocinar, leer y pasar tiempo con la familia.<\/p>\n<\/div><figure class=\"wp-block-media-text__media\"><img loading=\"lazy\" decoding=\"async\" width=\"683\" height=\"1024\" src=\"https:\/\/pglg.law\/wp-content\/uploads\/2023\/03\/230218-PGLG-West-Covina-03-Claris-Deronian-002_White-Web-683x1024.jpg\" alt=\"\" class=\"wp-image-1138 size-full\" srcset=\"https:\/\/pglg.law\/wp-content\/uploads\/2023\/03\/230218-PGLG-West-Covina-03-Claris-Deronian-002_White-Web-683x1024.jpg 683w, https:\/\/pglg.law\/wp-content\/uploads\/2023\/03\/230218-PGLG-West-Covina-03-Claris-Deronian-002_White-Web-200x300.jpg 200w, https:\/\/pglg.law\/wp-content\/uploads\/2023\/03\/230218-PGLG-West-Covina-03-Claris-Deronian-002_White-Web-768x1152.jpg 768w, https:\/\/pglg.law\/wp-content\/uploads\/2023\/03\/230218-PGLG-West-Covina-03-Claris-Deronian-002_White-Web-8x12.jpg 8w, https:\/\/pglg.law\/wp-content\/uploads\/2023\/03\/230218-PGLG-West-Covina-03-Claris-Deronian-002_White-Web-413x620.jpg 413w, https:\/\/pglg.law\/wp-content\/uploads\/2023\/03\/230218-PGLG-West-Covina-03-Claris-Deronian-002_White-Web-667x1000.jpg 667w, https:\/\/pglg.law\/wp-content\/uploads\/2023\/03\/230218-PGLG-West-Covina-03-Claris-Deronian-002_White-Web-433x650.jpg 433w, https:\/\/pglg.law\/wp-content\/uploads\/2023\/03\/230218-PGLG-West-Covina-03-Claris-Deronian-002_White-Web-300x450.jpg 300w, https:\/\/pglg.law\/wp-content\/uploads\/2023\/03\/230218-PGLG-West-Covina-03-Claris-Deronian-002_White-Web.jpg 800w\" sizes=\"auto, (max-width: 683px) 100vw, 683px\" \/><\/figure><\/div>\n\n\n\n<hr class=\"wp-block-separator has-css-opacity\"\/>\n\n\n\n<h2 class=\"wp-block-heading has-text-align-center\">Equipo de Apoyo<\/h2>\n\n\n\n<hr class=\"wp-block-separator has-css-opacity\"\/>\n\n\n\n<hr class=\"wp-block-separator has-css-opacity\"\/>\n\n\n\n<div class=\"wp-block-media-text alignwide has-media-on-the-right is-stacked-on-mobile is-style-default coblocks-animate\" style=\"grid-template-columns:auto 28%\" data-coblocks-animation=\"fadeIn\"><div class=\"wp-block-media-text__content\">\n<h3 class=\"wp-block-heading\">Laura Razo - Administradora de casos<\/h3>\n\n\n\n<p class=\"wp-block-paragraph\">Laura Razo naci\u00f3 en El Monte, CA y es de ascendencia mexicana. Antes de unirse a Padilla Global Law Group, Laura trabaj\u00f3 en ventas, log\u00edstica de almac\u00e9n y puestos de oficina general, Laura se uni\u00f3 a Padilla Global Law Group en 2018. Los diversos antecedentes laborales de Laura trajeron nuevas perspectivas a la Firma. Comenzando como la recepcionista de la firma y el primer contacto de nuestros clientes, Laura aprendi\u00f3 r\u00e1pidamente las complejidades de nuestros casos y clientes. Con su ascenso a Asistente Legal en 2019, Laura es responsable de preparar los formularios de USCIS y de los tribunales estatales, revisar documentos, declaraciones y alegatos. Laura tambi\u00e9n es responsable de garantizar la compilaci\u00f3n oportuna de las solicitudes relacionadas con los beneficios. Ella supervisa la recopilaci\u00f3n de informaci\u00f3n y documentos del cliente y ayuda a nuestros abogados de inmigraci\u00f3n. Adem\u00e1s, Laura tiene contacto continuo con nuestros clientes proporcionando actualizaciones y ayudando con consultas generales. Finalmente, Laura supervisa el monitoreo de casos con USCIS y los tribunales estatales. Fuera del trabajo, Laura es una t\u00eda dedicada a sus sobrinos y sobrinas (sus \"monstruos\"). Laura tambi\u00e9n es una madre dedicada a sus beb\u00e9s peludos Leo y Dash. Ella disfruta del tiempo con su familia y novio. Laura habla espa\u00f1ol con fluidez.<\/p>\n<\/div><figure class=\"wp-block-media-text__media\"><img loading=\"lazy\" decoding=\"async\" width=\"683\" height=\"1024\" src=\"https:\/\/pglg.law\/wp-content\/uploads\/2023\/03\/230218-PGLG-West-Covina-04-Laura-Razo-003_White-Web-683x1024.jpg\" alt=\"\" class=\"wp-image-1139 size-full\" srcset=\"https:\/\/pglg.law\/wp-content\/uploads\/2023\/03\/230218-PGLG-West-Covina-04-Laura-Razo-003_White-Web-683x1024.jpg 683w, https:\/\/pglg.law\/wp-content\/uploads\/2023\/03\/230218-PGLG-West-Covina-04-Laura-Razo-003_White-Web-200x300.jpg 200w, https:\/\/pglg.law\/wp-content\/uploads\/2023\/03\/230218-PGLG-West-Covina-04-Laura-Razo-003_White-Web-768x1152.jpg 768w, https:\/\/pglg.law\/wp-content\/uploads\/2023\/03\/230218-PGLG-West-Covina-04-Laura-Razo-003_White-Web-8x12.jpg 8w, https:\/\/pglg.law\/wp-content\/uploads\/2023\/03\/230218-PGLG-West-Covina-04-Laura-Razo-003_White-Web-413x620.jpg 413w, https:\/\/pglg.law\/wp-content\/uploads\/2023\/03\/230218-PGLG-West-Covina-04-Laura-Razo-003_White-Web-667x1000.jpg 667w, https:\/\/pglg.law\/wp-content\/uploads\/2023\/03\/230218-PGLG-West-Covina-04-Laura-Razo-003_White-Web-433x650.jpg 433w, https:\/\/pglg.law\/wp-content\/uploads\/2023\/03\/230218-PGLG-West-Covina-04-Laura-Razo-003_White-Web-300x450.jpg 300w, https:\/\/pglg.law\/wp-content\/uploads\/2023\/03\/230218-PGLG-West-Covina-04-Laura-Razo-003_White-Web.jpg 800w\" sizes=\"auto, (max-width: 683px) 100vw, 683px\" \/><\/figure><\/div>\n\n\n\n<hr class=\"wp-block-separator has-css-opacity\"\/>\n\n\n\n<div class=\"wp-block-media-text alignwide is-stacked-on-mobile is-style-default coblocks-animate\" style=\"grid-template-columns:29% auto\" data-coblocks-animation=\"fadeIn\"><figure class=\"wp-block-media-text__media\"><img loading=\"lazy\" decoding=\"async\" width=\"683\" height=\"1024\" src=\"https:\/\/pglg.law\/wp-content\/uploads\/2023\/03\/230218-PGLG-West-Covina-06-Jennifer-Prado-003_White-Web-683x1024.jpg\" alt=\"\" class=\"wp-image-1141 size-full\" srcset=\"https:\/\/pglg.law\/wp-content\/uploads\/2023\/03\/230218-PGLG-West-Covina-06-Jennifer-Prado-003_White-Web-683x1024.jpg 683w, https:\/\/pglg.law\/wp-content\/uploads\/2023\/03\/230218-PGLG-West-Covina-06-Jennifer-Prado-003_White-Web-200x300.jpg 200w, https:\/\/pglg.law\/wp-content\/uploads\/2023\/03\/230218-PGLG-West-Covina-06-Jennifer-Prado-003_White-Web-768x1152.jpg 768w, https:\/\/pglg.law\/wp-content\/uploads\/2023\/03\/230218-PGLG-West-Covina-06-Jennifer-Prado-003_White-Web-8x12.jpg 8w, https:\/\/pglg.law\/wp-content\/uploads\/2023\/03\/230218-PGLG-West-Covina-06-Jennifer-Prado-003_White-Web-413x620.jpg 413w, https:\/\/pglg.law\/wp-content\/uploads\/2023\/03\/230218-PGLG-West-Covina-06-Jennifer-Prado-003_White-Web-667x1000.jpg 667w, https:\/\/pglg.law\/wp-content\/uploads\/2023\/03\/230218-PGLG-West-Covina-06-Jennifer-Prado-003_White-Web-433x650.jpg 433w, https:\/\/pglg.law\/wp-content\/uploads\/2023\/03\/230218-PGLG-West-Covina-06-Jennifer-Prado-003_White-Web-300x450.jpg 300w, https:\/\/pglg.law\/wp-content\/uploads\/2023\/03\/230218-PGLG-West-Covina-06-Jennifer-Prado-003_White-Web.jpg 800w\" sizes=\"auto, (max-width: 683px) 100vw, 683px\" \/><\/figure><div class=\"wp-block-media-text__content\">\n<h3 class=\"wp-block-heading\">Jennifer Prado - Directora Ejecutiva de Marketing y Relaciones con los Clientes<\/h3>\n\n\n\n<p class=\"wp-block-paragraph\">Jennifer Prado es licenciada en Administraci\u00f3n de Sistemas de Informaci\u00f3n con \u00e9nfasis en Administraci\u00f3n de Empresas de la Universidad Mariano G\u00e1lvez. Antes de unirse a Padilla Global Law Group, Jennifer trabaj\u00f3 en educaci\u00f3n superior como profesora durante 18 a\u00f1os en la Universidad Mariano G\u00e1lvez en Guatemala. Su experiencia en Administraci\u00f3n de Empresas, incluyendo marketing y publicidad para la Universidad y el Instituto de Investigaci\u00f3n, aporta una rica perspectiva a la Firma. Jennifer se uni\u00f3 a Padilla Global Law Group en 2020. Jennifer supervisa la plataforma de redes sociales, marketing, publicidad y relaciones con los clientes de la firma. Jennifer dise\u00f1a las campa\u00f1as de marketing para la presencia de la firma en las redes sociales. Jennifer es tambi\u00e9n el contacto clave para todos los clientes potenciales que buscan contratar nuestros servicios. Proporciona informaci\u00f3n detallada sobre los procesos y planes de pago de la Firma. Fuera del trabajo, Jennifer es una esposa dedicada y madre de tres hijos. Le gusta caminar, ir al cine, ir en familia y ir de compras. Jennifer habla espa\u00f1ol con fluidez.<\/p>\n<\/div><\/div>\n\n\n\n<hr class=\"wp-block-separator has-css-opacity\"\/>\n\n\n\n<div class=\"wp-block-media-text alignwide has-media-on-the-right is-stacked-on-mobile\" style=\"grid-template-columns:auto 27%\"><div class=\"wp-block-media-text__content\">\n<h3 class=\"wp-block-heading\">Mariano J. Padilla A. - V.P. de TI y Operaciones (Consultor)<\/h3>\n\n\n\n<p class=\"wp-block-paragraph\">Mariano es un experimentado profesional de TI que fue un miembro integral del equipo que lanz\u00f3 Padilla Global Law Group, anteriormente conocido como la Oficina Legal de Annaluisa Padilla en 2002. Desde entonces, Mariano ha estado involucrado en todas las \u00e1reas de sistemas de informaci\u00f3n, manteniendo a la Firma actualizada con el \u00faltimo hardware y software para maximizar la eficiencia y garantizar la seguridad de la informaci\u00f3n de nuestros clientes. Adem\u00e1s, Mariano ha dise\u00f1ado y actualizado el sitio web de la Firma y ha reunido la imagen de marca de la Firma bajo Padilla Global Law Group en todas las plataformas de redes sociales y sitios de terceros. Mariano contin\u00faa trabajando con Padilla Global Law Group como contratista independiente supervisando la infraestructura t\u00e9cnica de la Firma, adem\u00e1s de ser el miembro principal del equipo en proyectos especiales relacionados con las necesidades de software y hardware. Su trabajo de TI es fundamental para el compromiso de la Firma de continuar mejorando la automatizaci\u00f3n, la comunicaci\u00f3n con el cliente y la ciberseguridad. El amplio conocimiento t\u00e9cnico de Mariano de sistemas e infraestructura en general permite a la Firma operar sin problemas para enfocarse en sus clientes y sus casos. Fuera del trabajo, Mariano es un esposo dedicado y disfruta de las pel\u00edculas, la m\u00fasica, la programaci\u00f3n y los videojuegos. Habla espa\u00f1ol con fluidez.<\/p>\n<\/div><figure class=\"wp-block-media-text__media\"><img loading=\"lazy\" decoding=\"async\" width=\"683\" height=\"1024\" src=\"https:\/\/pglg.law\/wp-content\/uploads\/2023\/03\/230218-PGLG-West-Covina-05-Mariano-Padilla-002_White-Web-683x1024.jpg\" alt=\"\" class=\"wp-image-1140 size-full\" srcset=\"https:\/\/pglg.law\/wp-content\/uploads\/2023\/03\/230218-PGLG-West-Covina-05-Mariano-Padilla-002_White-Web-683x1024.jpg 683w, https:\/\/pglg.law\/wp-content\/uploads\/2023\/03\/230218-PGLG-West-Covina-05-Mariano-Padilla-002_White-Web-200x300.jpg 200w, https:\/\/pglg.law\/wp-content\/uploads\/2023\/03\/230218-PGLG-West-Covina-05-Mariano-Padilla-002_White-Web-768x1152.jpg 768w, https:\/\/pglg.law\/wp-content\/uploads\/2023\/03\/230218-PGLG-West-Covina-05-Mariano-Padilla-002_White-Web-8x12.jpg 8w, https:\/\/pglg.law\/wp-content\/uploads\/2023\/03\/230218-PGLG-West-Covina-05-Mariano-Padilla-002_White-Web-413x620.jpg 413w, https:\/\/pglg.law\/wp-content\/uploads\/2023\/03\/230218-PGLG-West-Covina-05-Mariano-Padilla-002_White-Web-667x1000.jpg 667w, https:\/\/pglg.law\/wp-content\/uploads\/2023\/03\/230218-PGLG-West-Covina-05-Mariano-Padilla-002_White-Web-433x650.jpg 433w, https:\/\/pglg.law\/wp-content\/uploads\/2023\/03\/230218-PGLG-West-Covina-05-Mariano-Padilla-002_White-Web-300x450.jpg 300w, https:\/\/pglg.law\/wp-content\/uploads\/2023\/03\/230218-PGLG-West-Covina-05-Mariano-Padilla-002_White-Web.jpg 800w\" sizes=\"auto, (max-width: 683px) 100vw, 683px\" \/><\/figure><\/div>\n\n\n\n<div class=\"wp-block-media-text alignwide is-stacked-on-mobile\" style=\"grid-template-columns:27% auto\"><figure class=\"wp-block-media-text__media\"><img loading=\"lazy\" decoding=\"async\" width=\"855\" height=\"1024\" src=\"https:\/\/pglg.law\/wp-content\/uploads\/2023\/03\/230217-VHS-Brenda-Arevalo-884706526-01_White-2-RESIZED-CROPPED-855x1024.jpg\" alt=\"\" class=\"wp-image-1222 size-full\" srcset=\"https:\/\/pglg.law\/wp-content\/uploads\/2023\/03\/230217-VHS-Brenda-Arevalo-884706526-01_White-2-RESIZED-CROPPED-855x1024.jpg 855w, https:\/\/pglg.law\/wp-content\/uploads\/2023\/03\/230217-VHS-Brenda-Arevalo-884706526-01_White-2-RESIZED-CROPPED-251x300.jpg 251w, https:\/\/pglg.law\/wp-content\/uploads\/2023\/03\/230217-VHS-Brenda-Arevalo-884706526-01_White-2-RESIZED-CROPPED-768x919.jpg 768w, https:\/\/pglg.law\/wp-content\/uploads\/2023\/03\/230217-VHS-Brenda-Arevalo-884706526-01_White-2-RESIZED-CROPPED-10x12.jpg 10w, https:\/\/pglg.law\/wp-content\/uploads\/2023\/03\/230217-VHS-Brenda-Arevalo-884706526-01_White-2-RESIZED-CROPPED-518x620.jpg 518w, https:\/\/pglg.law\/wp-content\/uploads\/2023\/03\/230217-VHS-Brenda-Arevalo-884706526-01_White-2-RESIZED-CROPPED-835x1000.jpg 835w, https:\/\/pglg.law\/wp-content\/uploads\/2023\/03\/230217-VHS-Brenda-Arevalo-884706526-01_White-2-RESIZED-CROPPED-543x650.jpg 543w, https:\/\/pglg.law\/wp-content\/uploads\/2023\/03\/230217-VHS-Brenda-Arevalo-884706526-01_White-2-RESIZED-CROPPED-376x450.jpg 376w, https:\/\/pglg.law\/wp-content\/uploads\/2023\/03\/230217-VHS-Brenda-Arevalo-884706526-01_White-2-RESIZED-CROPPED.jpg 1283w\" sizes=\"auto, (max-width: 855px) 100vw, 855px\" \/><\/figure><div class=\"wp-block-media-text__content\">\n<h3 class=\"wp-block-heading\">Brenda Ar\u00e9valo \u2013 Asistente Legal<\/h3>\n\n\n\n<p class=\"wp-block-paragraph\">Brenda Ar\u00e9valo naci\u00f3 en la Ciudad de Guatemala, Guatemala. Brenda se uni\u00f3 a Padilla Global Law Group en 2021. Antes de unirse a Padilla Global Law Group, Brenda trabaj\u00f3 como Subgerente durante 12 a\u00f1os. Sus antecedentes y experiencia incluyen varios puestos de asistente en medianas y grandes empresas. Adem\u00e1s, Brenda aporta cuatro a\u00f1os de conocimiento multifac\u00e9tico de servicio al cliente a Padilla Global Law Group. Brenda es licenciada en Psicolog\u00eda Cl\u00ednica y Administraci\u00f3n de Empresas de la Universidad de San Carlos, Guatemala. Adem\u00e1s, ha ampliado sus conocimientos con cursos de gesti\u00f3n de proyectos, gesti\u00f3n empresarial y algunos cursos financieros relacionados con transacciones bancarias. Brenda supervisa todo el contacto inicial con el cliente en Padilla Global Law Group. Ella supervisa la bienvenida a nuestros clientes cuando se ponen en contacto por primera vez con nuestra Firma, gui\u00e1ndolos a trav\u00e9s de nuestro proceso de consulta inicial, recopilando informaci\u00f3n para sus casos y haciendo un seguimiento a medida que avanzan sus casos.<\/p>\n\n\n\n<p class=\"wp-block-paragraph\">Fuera del trabajo, Brenda disfruta del tiempo con su familia, le gusta cocinar, nadar y aprender italiano. Brenda habla espa\u00f1ol con fluidez.<\/p>\n<\/div><\/div>\n\n\n\n<div class=\"wp-block-media-text alignwide has-media-on-the-right is-stacked-on-mobile\" style=\"grid-template-columns:auto 27%\"><div class=\"wp-block-media-text__content\">\n<h3 class=\"wp-block-heading\">Merariz Buelna &#8211; Legal Assistant<\/h3>\n\n\n\n<p class=\"wp-block-paragraph\">Merariz was born in Mexicali, Baja California, and raised in Obregon, Sonora. She earned an associate\u2019s degree in criminology from Mt. San Antonio College and attended Cal Poly Pomona. Previously, she worked at an immigration law firm as a receptionist and legal assistant. She also has worked in sales and customer service, which helped her develop strong interpersonal skills and a genuine passion for helping people. Merariz is the first point of contact for clients and visitors. She ensures that daily operations run smoothly and that clients feel supported from the moment they walk in or call the office. <\/p>\n\n\n\n<p class=\"wp-block-paragraph\">Outside of work, she enjoys spending quality time with family, going to the gym, shopping, and traveling. <\/p>\n\n\n\n<p class=\"wp-block-paragraph\">She is fluent in Spanish.<\/p>\n<\/div><figure class=\"wp-block-media-text__media\"><img loading=\"lazy\" decoding=\"async\" width=\"917\" height=\"1024\" src=\"https:\/\/pglg.law\/wp-content\/uploads\/2025\/05\/Merariz-917x1024.jpg\" alt=\"\" class=\"wp-image-1288 size-full\" srcset=\"https:\/\/pglg.law\/wp-content\/uploads\/2025\/05\/Merariz-917x1024.jpg 917w, https:\/\/pglg.law\/wp-content\/uploads\/2025\/05\/Merariz-269x300.jpg 269w, https:\/\/pglg.law\/wp-content\/uploads\/2025\/05\/Merariz-768x858.jpg 768w, https:\/\/pglg.law\/wp-content\/uploads\/2025\/05\/Merariz-1375x1536.jpg 1375w, https:\/\/pglg.law\/wp-content\/uploads\/2025\/05\/Merariz-1834x2048.jpg 1834w, https:\/\/pglg.law\/wp-content\/uploads\/2025\/05\/Merariz-11x12.jpg 11w, https:\/\/pglg.law\/wp-content\/uploads\/2025\/05\/Merariz-555x620.jpg 555w, https:\/\/pglg.law\/wp-content\/uploads\/2025\/05\/Merariz-895x1000.jpg 895w, https:\/\/pglg.law\/wp-content\/uploads\/2025\/05\/Merariz-582x650.jpg 582w, https:\/\/pglg.law\/wp-content\/uploads\/2025\/05\/Merariz-400x447.jpg 400w\" sizes=\"auto, (max-width: 917px) 100vw, 917px\" \/><\/figure><\/div>\n\n\n\n<hr class=\"wp-block-separator has-css-opacity\"\/>\n<\/div>\n<\/div>\n\n\n\n<p class=\"wp-block-paragraph\"><\/p>","protected":false},"excerpt":{"rendered":"<p>Our Lawyers Annaluisa Padilla, Esq. &#8211; Founder and Principal Attorney Ms. Padilla was born in Guatemala.&nbsp; She immigrated to the United States in 1983.&nbsp; She obtained her undergraduate degree from&hellip;<a href=\"https:\/\/pglg.law\/es\/our-team\/\" class=\"more-link\"><span class=\"more-button\">Continue reading<span class=\"screen-reader-text\">Nuestro Equipo<\/span><\/span><\/a><\/p>","protected":false},"author":1,"featured_media":0,"parent":0,"menu_order":0,"comment_status":"closed","ping_status":"closed","template":"","meta":{"_coblocks_attr":"","_coblocks_dimensions":"","_coblocks_responsive_height":"","_coblocks_accordion_ie_support":"","footnotes":""},"class_list":["post-79","page","type-page","status-publish","hentry"],"yoast_head":"<!-- This site is optimized with the Yoast SEO plugin v28.4 - https:\/\/yoast.com\/product\/yoast-seo-wordpress\/ -->\n<title>Our Team - Padilla Global Law Group<\/title>\n<meta name=\"robots\" content=\"index, follow, max-snippet:-1, max-image-preview:large, max-video-preview:-1\" \/>\n<link rel=\"canonical\" href=\"https:\/\/pglg.law\/es\/our-team\/\" \/>\n<meta property=\"og:locale\" content=\"es_ES\" \/>\n<meta property=\"og:type\" content=\"article\" \/>\n<meta property=\"og:title\" content=\"Our Team - Padilla Global Law Group\" \/>\n<meta property=\"og:description\" content=\"Our Lawyers Annaluisa Padilla, Esq. &#8211; Founder and Principal Attorney Ms. Padilla was born in Guatemala.&nbsp; She immigrated to the United States in 1983.&nbsp; She obtained her undergraduate degree from&hellip;Continue readingOur Team\" \/>\n<meta property=\"og:url\" content=\"https:\/\/pglg.law\/es\/our-team\/\" \/>\n<meta property=\"og:site_name\" content=\"Padilla Global Law Group\" \/>\n<meta property=\"article:publisher\" content=\"https:\/\/www.facebook.com\/195971440634\" \/>\n<meta property=\"article:modified_time\" content=\"2026-04-28T18:46:16+00:00\" \/>\n<meta property=\"og:image\" content=\"https:\/\/pglg.law\/wp-content\/uploads\/2025\/05\/IMG_7352-scaled.jpg\" \/>\n\t<meta property=\"og:image:width\" content=\"2560\" \/>\n\t<meta property=\"og:image:height\" content=\"1707\" \/>\n\t<meta property=\"og:image:type\" content=\"image\/jpeg\" \/>\n<meta name=\"twitter:card\" content=\"summary_large_image\" \/>\n<meta name=\"twitter:site\" content=\"@APesq\" \/>\n<meta name=\"twitter:label1\" content=\"Est. reading time\" \/>\n\t<meta name=\"twitter:data1\" content=\"9 minutos\" \/>\n<script type=\"application\/ld+json\" class=\"yoast-schema-graph\">{\"@context\":\"https:\\\/\\\/schema.org\",\"@graph\":[{\"@type\":\"WebPage\",\"@id\":\"https:\\\/\\\/pglg.law\\\/our-team\\\/\",\"url\":\"https:\\\/\\\/pglg.law\\\/our-team\\\/\",\"name\":\"Our Team - Padilla Global Law Group\",\"isPartOf\":{\"@id\":\"https:\\\/\\\/pglg.law\\\/#website\"},\"primaryImageOfPage\":{\"@id\":\"https:\\\/\\\/pglg.law\\\/our-team\\\/#primaryimage\"},\"image\":{\"@id\":\"https:\\\/\\\/pglg.law\\\/our-team\\\/#primaryimage\"},\"thumbnailUrl\":\"https:\\\/\\\/pglg.law\\\/wp-content\\\/uploads\\\/2025\\\/05\\\/IMG_7352-1024x683.jpg\",\"datePublished\":\"2020-02-12T01:01:04+00:00\",\"dateModified\":\"2026-04-28T18:46:16+00:00\",\"breadcrumb\":{\"@id\":\"https:\\\/\\\/pglg.law\\\/our-team\\\/#breadcrumb\"},\"inLanguage\":\"es\",\"potentialAction\":[{\"@type\":\"ReadAction\",\"target\":[\"https:\\\/\\\/pglg.law\\\/our-team\\\/\"]}]},{\"@type\":\"ImageObject\",\"inLanguage\":\"es\",\"@id\":\"https:\\\/\\\/pglg.law\\\/our-team\\\/#primaryimage\",\"url\":\"https:\\\/\\\/pglg.law\\\/wp-content\\\/uploads\\\/2025\\\/05\\\/IMG_7352-1024x683.jpg\",\"contentUrl\":\"https:\\\/\\\/pglg.law\\\/wp-content\\\/uploads\\\/2025\\\/05\\\/IMG_7352-1024x683.jpg\"},{\"@type\":\"BreadcrumbList\",\"@id\":\"https:\\\/\\\/pglg.law\\\/our-team\\\/#breadcrumb\",\"itemListElement\":[{\"@type\":\"ListItem\",\"position\":1,\"name\":\"Home\",\"item\":\"https:\\\/\\\/pglg.law\\\/\"},{\"@type\":\"ListItem\",\"position\":2,\"name\":\"Our Team\"}]},{\"@type\":\"WebSite\",\"@id\":\"https:\\\/\\\/pglg.law\\\/#website\",\"url\":\"https:\\\/\\\/pglg.law\\\/\",\"name\":\"Padilla Global Law Group - Immigration - Family\",\"description\":\"OUR FOCUS: OUR CLIENTS\",\"publisher\":{\"@id\":\"https:\\\/\\\/pglg.law\\\/#organization\"},\"potentialAction\":[{\"@type\":\"SearchAction\",\"target\":{\"@type\":\"EntryPoint\",\"urlTemplate\":\"https:\\\/\\\/pglg.law\\\/?s={search_term_string}\"},\"query-input\":{\"@type\":\"PropertyValueSpecification\",\"valueRequired\":true,\"valueName\":\"search_term_string\"}}],\"inLanguage\":\"es\"},{\"@type\":\"Organization\",\"@id\":\"https:\\\/\\\/pglg.law\\\/#organization\",\"name\":\"Padilla Global Law Group\",\"url\":\"https:\\\/\\\/pglg.law\\\/\",\"logo\":{\"@type\":\"ImageObject\",\"inLanguage\":\"es\",\"@id\":\"https:\\\/\\\/pglg.law\\\/#\\\/schema\\\/logo\\\/image\\\/\",\"url\":\"https:\\\/\\\/pglg.law\\\/wp-content\\\/uploads\\\/2020\\\/03\\\/PGLG-Logo-Final-SM3.png\",\"contentUrl\":\"https:\\\/\\\/pglg.law\\\/wp-content\\\/uploads\\\/2020\\\/03\\\/PGLG-Logo-Final-SM3.png\",\"width\":174,\"height\":65,\"caption\":\"Padilla Global Law Group\"},\"image\":{\"@id\":\"https:\\\/\\\/pglg.law\\\/#\\\/schema\\\/logo\\\/image\\\/\"},\"sameAs\":[\"https:\\\/\\\/www.facebook.com\\\/195971440634\",\"https:\\\/\\\/x.com\\\/APesq\",\"https:\\\/\\\/www.instagram.com\\\/abogadaannaluisa\",\"https:\\\/\\\/www.linkedin.com\\\/in\\\/attorneypadilla\\\/\"]}]}<\/script>\n<!-- \/ Yoast SEO plugin. -->","yoast_head_json":{"title":"Our Team - Padilla Global Law Group","robots":{"index":"index","follow":"follow","max-snippet":"max-snippet:-1","max-image-preview":"max-image-preview:large","max-video-preview":"max-video-preview:-1"},"canonical":"https:\/\/pglg.law\/es\/our-team\/","og_locale":"es_ES","og_type":"article","og_title":"Our Team - Padilla Global Law Group","og_description":"Our Lawyers Annaluisa Padilla, Esq. &#8211; Founder and Principal Attorney Ms. Padilla was born in Guatemala.&nbsp; She immigrated to the United States in 1983.&nbsp; She obtained her undergraduate degree from&hellip;Continue readingOur Team","og_url":"https:\/\/pglg.law\/es\/our-team\/","og_site_name":"Padilla Global Law Group","article_publisher":"https:\/\/www.facebook.com\/195971440634","article_modified_time":"2026-04-28T18:46:16+00:00","og_image":[{"width":2560,"height":1707,"url":"https:\/\/pglg.law\/wp-content\/uploads\/2025\/05\/IMG_7352-scaled.jpg","type":"image\/jpeg"}],"twitter_card":"summary_large_image","twitter_site":"@APesq","twitter_misc":{"Est. reading time":"9 minutos"},"schema":{"@context":"https:\/\/schema.org","@graph":[{"@type":"WebPage","@id":"https:\/\/pglg.law\/our-team\/","url":"https:\/\/pglg.law\/our-team\/","name":"Our Team - Padilla Global Law Group","isPartOf":{"@id":"https:\/\/pglg.law\/#website"},"primaryImageOfPage":{"@id":"https:\/\/pglg.law\/our-team\/#primaryimage"},"image":{"@id":"https:\/\/pglg.law\/our-team\/#primaryimage"},"thumbnailUrl":"https:\/\/pglg.law\/wp-content\/uploads\/2025\/05\/IMG_7352-1024x683.jpg","datePublished":"2020-02-12T01:01:04+00:00","dateModified":"2026-04-28T18:46:16+00:00","breadcrumb":{"@id":"https:\/\/pglg.law\/our-team\/#breadcrumb"},"inLanguage":"es","potentialAction":[{"@type":"ReadAction","target":["https:\/\/pglg.law\/our-team\/"]}]},{"@type":"ImageObject","inLanguage":"es","@id":"https:\/\/pglg.law\/our-team\/#primaryimage","url":"https:\/\/pglg.law\/wp-content\/uploads\/2025\/05\/IMG_7352-1024x683.jpg","contentUrl":"https:\/\/pglg.law\/wp-content\/uploads\/2025\/05\/IMG_7352-1024x683.jpg"},{"@type":"BreadcrumbList","@id":"https:\/\/pglg.law\/our-team\/#breadcrumb","itemListElement":[{"@type":"ListItem","position":1,"name":"Home","item":"https:\/\/pglg.law\/"},{"@type":"ListItem","position":2,"name":"Our Team"}]},{"@type":"WebSite","@id":"https:\/\/pglg.law\/#website","url":"https:\/\/pglg.law\/","name":"Padilla Global Law Group - Inmigraci\u00f3n- Familia","description":"NUESTRO ENFOQUE: NUESTROS CLIENTES","publisher":{"@id":"https:\/\/pglg.law\/#organization"},"potentialAction":[{"@type":"SearchAction","target":{"@type":"EntryPoint","urlTemplate":"https:\/\/pglg.law\/?s={search_term_string}"},"query-input":{"@type":"PropertyValueSpecification","valueRequired":true,"valueName":"search_term_string"}}],"inLanguage":"es"},{"@type":"Organization","@id":"https:\/\/pglg.law\/#organization","name":"Padilla Global Law Group","url":"https:\/\/pglg.law\/","logo":{"@type":"ImageObject","inLanguage":"es","@id":"https:\/\/pglg.law\/#\/schema\/logo\/image\/","url":"https:\/\/pglg.law\/wp-content\/uploads\/2020\/03\/PGLG-Logo-Final-SM3.png","contentUrl":"https:\/\/pglg.law\/wp-content\/uploads\/2020\/03\/PGLG-Logo-Final-SM3.png","width":174,"height":65,"caption":"Padilla Global Law Group"},"image":{"@id":"https:\/\/pglg.law\/#\/schema\/logo\/image\/"},"sameAs":["https:\/\/www.facebook.com\/195971440634","https:\/\/x.com\/APesq","https:\/\/www.instagram.com\/abogadaannaluisa","https:\/\/www.linkedin.com\/in\/attorneypadilla\/"]}]}},"_links":{"self":[{"href":"https:\/\/pglg.law\/es\/wp-json\/wp\/v2\/pages\/79","targetHints":{"allow":["GET"]}}],"collection":[{"href":"https:\/\/pglg.law\/es\/wp-json\/wp\/v2\/pages"}],"about":[{"href":"https:\/\/pglg.law\/es\/wp-json\/wp\/v2\/types\/page"}],"author":[{"embeddable":true,"href":"https:\/\/pglg.law\/es\/wp-json\/wp\/v2\/users\/1"}],"replies":[{"embeddable":true,"href":"https:\/\/pglg.law\/es\/wp-json\/wp\/v2\/comments?post=79"}],"version-history":[{"count":103,"href":"https:\/\/pglg.law\/es\/wp-json\/wp\/v2\/pages\/79\/revisions"}],"predecessor-version":[{"id":1294,"href":"https:\/\/pglg.law\/es\/wp-json\/wp\/v2\/pages\/79\/revisions\/1294"}],"wp:attachment":[{"href":"https:\/\/pglg.law\/es\/wp-json\/wp\/v2\/media?parent=79"}],"curies":[{"name":"wp","href":"https:\/\/api.w.org\/{rel}","templated":true}]}}